{"id":183354,"date":"2018-04-10T10:16:45","date_gmt":"2018-04-10T08:16:45","guid":{"rendered":"https:\/\/scm.bz?page_id=183354"},"modified":"2018-04-10T10:16:45","modified_gmt":"2018-04-10T08:16:45","slug":"ragihandin-u-azadi","status":"publish","type":"page","link":"https:\/\/scm.bz\/kmr\/ragihandin-u-azadi\/","title":{"rendered":"Ragihandin \u00fb Azad\u00ee"},"content":{"rendered":"<p dir=\"ltr\">em hewl didin ku bigih\u00ean civakek\u00ea li ser azad\u00eeya derbir\u00eena ner\u00een \u00fb bawer\u00eeya ava dibe, bi r\u00eaya:<\/p>\n<ul>\n<li dir=\"ltr\">\n<p dir=\"ltr\">L\u00eavegera li qan\u00fbn \u00fb agah\u00eey\u00ean navxwey\u00ee \u00fb p\u00ea\u015fk\u00ea\u015fkirina p\u00ea\u015fniyar\u00ean zanist\u00ee da ku li gor p\u00eevan\u00ean navdewlet\u00ee biguncin.<\/p>\n<\/li>\n<li dir=\"ltr\">\n<p dir=\"ltr\">Belavkirina nirx \u00fb \u00e7and\u00ean n\u00fb di nav civak\u00ea de m\u00eena betalkirina c\u00fbdakirin\u00ea, \u00e7anda j\u00eengeh\u00ea, maf\u00ea nexwe\u015fan, maf\u00ea ni\u015fteb\u00fbn\u00ea, maf\u00ean k\u00eamneteweyan, maf\u00ea ge\u015fep\u00eadan\u00ea \u00fb azad\u00eey\u00ean takekes\u00ee.<\/p>\n<\/li>\n<li dir=\"ltr\">\n<p dir=\"ltr\">Zind\u00eekirina al\u00eey\u00ea er\u00ean\u00ee di m\u00eeratey\u00ean \u00e7and\u00ee \u00fb teqezkirina li ser al\u00eey\u00ea er\u00ean\u00ee y\u00ean olan di \u00e7ar\u00e7oveya karek\u00ee bir\u00eaxistinkir\u00ee de ku li ser dan\u00fbstendin\u00ea ava dibe ne li ser tund\u00ee \u00fb teror\u00ea, her weha al\u00eekar\u00eeya di pi\u015ftgir\u00eeya genge\u015feya di nav olan de.<\/p>\n<\/li>\n<li dir=\"ltr\">\n<p dir=\"ltr\">P\u00ea\u015fk\u00ea\u015fkirina dikeyeke pi\u015ftgir\u00eey\u00ea ya gi\u015fgir bo karmend\u00ean di war\u00ea ragihandin\u00ea \u00fb berevan\u00ean di ber azad\u00eey\u00ea de ku ev dike karibe p\u00eadiv\u00eey\u00ean wan bi cih b\u00eene \u00fb j\u00eahatin\u00ean wan bip\u00ea\u015f bixe.<\/p>\n<\/li>\n<li dir=\"ltr\">\n<p dir=\"ltr\">\u00c7alakkirin \u00fb rah\u00eanana karmend\u00ean di war\u00ea ragih\u00eaner\u00ee \u00fb mafnas\u00ee de.<\/p>\n<\/li>\n<li dir=\"ltr\">\n<p dir=\"ltr\">Handan, pi\u015ftgir\u00ee \u00fb belavkirina \u00e7anda azad\u00eeya ner\u00een \u00fb bawer\u00eeyan li gel pirreng\u00ee \u00fb hevbor\u00een\u00ea.<\/p>\n<\/li>\n<li dir=\"ltr\">\n<p dir=\"ltr\">Dijat\u00eeya gotara nefretkirin \u00fb sorkirina li ser tund\u00eey\u00ea.<\/p>\n<\/li>\n<li dir=\"ltr\">\n<p dir=\"ltr\">Hevr\u00eaz\u00ee, hevkar\u00ee \u00fb avakirina hevalt\u00eey\u00ea li gel r\u00eaxistin \u00fb dezgeh\u00ean karmend \u00fb al\u00eekar ji bo kar\u00ea di war\u00ea ragihandin \u00fb azad\u00eey\u00ea de.<\/p>\n<\/li>\n<li dir=\"ltr\">\n<p dir=\"ltr\">P\u00ea\u015fk\u00ea\u015fkirina pi\u015ftgir\u00eeya \u015f\u00eawirmend\u00ee bo r\u00eaxistin\u00ean navxwey\u00ee y\u00ean ku di war\u00ea ragihandin \u00fb azad\u00eey\u00ea de kar dikin.<\/p>\n<\/li>\n<li dir=\"ltr\">\n<p dir=\"ltr\">Pi\u015ftgir\u00eeya r\u00eabaz\u00ean avaker y\u00ean ku li ser hevbe\u015f\u00ee \u00fb wekhev\u00ee cender\u00ee ava dibe her weha bir\u00eavebirina pirreng\u00ee \u00fb cih\u00eareng\u00eey\u00ea.<\/p>\n<\/li>\n<\/ul>\n","protected":false},"excerpt":{"rendered":"<p>em hewl didin ku bigih\u00ean civakek\u00ea li ser azad\u00eeya derbir\u00eena ner\u00een \u00fb bawer\u00eeya ava dibe, bi r\u00eaya: L\u00eavegera li qan\u00fbn \u00fb agah\u00eey\u00ean navxwey\u00ee \u00fb p\u00ea\u015fk\u00ea\u015fkirina p\u00ea\u015fniyar\u00ean zanist\u00ee da ku li gor p\u00eevan\u00ean navdewlet\u00ee biguncin. Belavkirina nirx \u00fb \u00e7and\u00ean n\u00fb di nav civak\u00ea de m\u00eena betalkirina c\u00fbdakirin\u00ea, \u00e7anda j\u00eengeh\u00ea, maf\u00ea nexwe\u015fan, maf\u00ea ni\u015fteb\u00fbn\u00ea, maf\u00ean k\u00eamneteweyan, maf\u00ea [&hellip;]<\/p>\n","protected":false},"author":24,"featured_media":0,"parent":0,"menu_order":0,"comment_status":"closed","ping_status":"closed","template":"","meta":{"_acf_changed":false,"footnotes":""},"class_list":["post-183354","page","type-page","status-publish","hentry","post-wrapper"],"acf":[],"yoast_head":"<!-- This site is optimized with the Yoast SEO Premium plugin v20.6 (Yoast SEO v26.5) - https:\/\/yoast.com\/wordpress\/plugins\/seo\/ -->\n<title>Ragihandin \u00fb Azad\u00ee - \u0627\u0644\u0645\u0631\u0643\u0632 \u0627\u0644\u0633\u0648\u0631\u064a \u0644\u0644\u0625\u0639\u0644\u0627\u0645 \u0648\u062d\u0631\u064a\u0629 \u0627\u0644\u062a\u0639\u0628\u064a\u0631 Syrian Center for Media and Freedom of Expression<\/title>\n<meta name=\"robots\" content=\"index, follow, max-snippet:-1, max-image-preview:large, max-video-preview:-1\" \/>\n<link rel=\"canonical\" href=\"https:\/\/scm.bz\/\u0648\u062d\u062f\u0629-\u0627\u0644\u0625\u0639\u0644\u0627\u0645-\u0648\u0627\u0644\u062d\u0631\u064a\u0627\u062a\/\" \/>\n<meta property=\"og:locale\" content=\"en_US\" \/>\n<meta property=\"og:type\" content=\"article\" \/>\n<meta property=\"og:title\" content=\"Ragihandin \u00fb Azad\u00ee\" \/>\n<meta property=\"og:description\" content=\"em hewl didin ku bigih\u00ean civakek\u00ea li ser azad\u00eeya derbir\u00eena ner\u00een \u00fb bawer\u00eeya ava dibe, bi r\u00eaya: L\u00eavegera li qan\u00fbn \u00fb agah\u00eey\u00ean navxwey\u00ee \u00fb p\u00ea\u015fk\u00ea\u015fkirina p\u00ea\u015fniyar\u00ean zanist\u00ee da ku li gor p\u00eevan\u00ean navdewlet\u00ee biguncin. Belavkirina nirx \u00fb \u00e7and\u00ean n\u00fb di nav civak\u00ea de m\u00eena betalkirina c\u00fbdakirin\u00ea, \u00e7anda j\u00eengeh\u00ea, maf\u00ea nexwe\u015fan, maf\u00ea ni\u015fteb\u00fbn\u00ea, maf\u00ean k\u00eamneteweyan, maf\u00ea\" \/>\n<meta property=\"og:url\" content=\"https:\/\/scm.bz\/\u0648\u062d\u062f\u0629-\u0627\u0644\u0625\u0639\u0644\u0627\u0645-\u0648\u0627\u0644\u062d\u0631\u064a\u0627\u062a\/\" \/>\n<meta property=\"og:site_name\" content=\"\u0627\u0644\u0645\u0631\u0643\u0632 \u0627\u0644\u0633\u0648\u0631\u064a \u0644\u0644\u0625\u0639\u0644\u0627\u0645 \u0648\u062d\u0631\u064a\u0629 \u0627\u0644\u062a\u0639\u0628\u064a\u0631 Syrian Center for Media and Freedom of Expression\" \/>\n<meta property=\"article:publisher\" content=\"https:\/\/www.facebook.com\/scm.center\" \/>\n<meta property=\"og:image\" content=\"https:\/\/scm.bz\/wp-content\/uploads\/2021\/01\/SCM-logo-1-with-Clear-Space-1-2.png\" \/>\n\t<meta property=\"og:image:width\" content=\"1450\" \/>\n\t<meta property=\"og:image:height\" content=\"1450\" \/>\n\t<meta property=\"og:image:type\" content=\"image\/png\" \/>\n<meta name=\"twitter:card\" content=\"summary_large_image\" \/>\n<meta name=\"twitter:site\" content=\"@SyrianCenter\" \/>\n<meta name=\"twitter:label1\" content=\"Est. reading time\" \/>\n\t<meta name=\"twitter:data1\" content=\"1 minute\" \/>\n<script type=\"application\/ld+json\" class=\"yoast-schema-graph\">{\"@context\":\"https:\/\/schema.org\",\"@graph\":[{\"@type\":\"WebPage\",\"@id\":\"https:\/\/scm.bz\/%d9%88%d8%ad%d8%af%d8%a9-%d8%a7%d9%84%d8%a5%d8%b9%d9%84%d8%a7%d9%85-%d9%88%d8%a7%d9%84%d8%ad%d8%b1%d9%8a%d8%a7%d8%aa\/\",\"url\":\"https:\/\/scm.bz\/%d9%88%d8%ad%d8%af%d8%a9-%d8%a7%d9%84%d8%a5%d8%b9%d9%84%d8%a7%d9%85-%d9%88%d8%a7%d9%84%d8%ad%d8%b1%d9%8a%d8%a7%d8%aa\/\",\"name\":\"Ragihandin \u00fb Azad\u00ee - \u0627\u0644\u0645\u0631\u0643\u0632 \u0627\u0644\u0633\u0648\u0631\u064a \u0644\u0644\u0625\u0639\u0644\u0627\u0645 \u0648\u062d\u0631\u064a\u0629 \u0627\u0644\u062a\u0639\u0628\u064a\u0631 Syrian Center for Media and Freedom of Expression\",\"isPartOf\":{\"@id\":\"https:\/\/scm.bz\/#website\"},\"datePublished\":\"2018-04-10T08:16:45+00:00\",\"breadcrumb\":{\"@id\":\"https:\/\/scm.bz\/%d9%88%d8%ad%d8%af%d8%a9-%d8%a7%d9%84%d8%a5%d8%b9%d9%84%d8%a7%d9%85-%d9%88%d8%a7%d9%84%d8%ad%d8%b1%d9%8a%d8%a7%d8%aa\/#breadcrumb\"},\"inLanguage\":\"kmr\",\"potentialAction\":[{\"@type\":\"ReadAction\",\"target\":[\"https:\/\/scm.bz\/%d9%88%d8%ad%d8%af%d8%a9-%d8%a7%d9%84%d8%a5%d8%b9%d9%84%d8%a7%d9%85-%d9%88%d8%a7%d9%84%d8%ad%d8%b1%d9%8a%d8%a7%d8%aa\/\"]}]},{\"@type\":\"BreadcrumbList\",\"@id\":\"https:\/\/scm.bz\/%d9%88%d8%ad%d8%af%d8%a9-%d8%a7%d9%84%d8%a5%d8%b9%d9%84%d8%a7%d9%85-%d9%88%d8%a7%d9%84%d8%ad%d8%b1%d9%8a%d8%a7%d8%aa\/#breadcrumb\",\"itemListElement\":[{\"@type\":\"ListItem\",\"position\":1,\"name\":\"Home\",\"item\":\"https:\/\/scm.bz\/kmr\/\"},{\"@type\":\"ListItem\",\"position\":2,\"name\":\"Ragihandin \u00fb Azad\u00ee\"}]},{\"@type\":\"WebSite\",\"@id\":\"https:\/\/scm.bz\/#website\",\"url\":\"https:\/\/scm.bz\/\",\"name\":\"\u0627\u0644\u0645\u0631\u0643\u0632 \u0627\u0644\u0633\u0648\u0631\u064a \u0644\u0644\u0625\u0639\u0644\u0627\u0645 \u0648\u062d\u0631\u064a\u0629 \u0627\u0644\u062a\u0639\u0628\u064a\u0631 Syrian Center for Media and Freedom of Expression\",\"description\":\"\",\"publisher\":{\"@id\":\"https:\/\/scm.bz\/#organization\"},\"potentialAction\":[{\"@type\":\"SearchAction\",\"target\":{\"@type\":\"EntryPoint\",\"urlTemplate\":\"https:\/\/scm.bz\/?s={search_term_string}\"},\"query-input\":{\"@type\":\"PropertyValueSpecification\",\"valueRequired\":true,\"valueName\":\"search_term_string\"}}],\"inLanguage\":\"kmr\"},{\"@type\":\"Organization\",\"@id\":\"https:\/\/scm.bz\/#organization\",\"name\":\"\u0627\u0644\u0645\u0631\u0643\u0632 \u0627\u0644\u0633\u0648\u0631\u064a \u0644\u0644\u0625\u0639\u0644\u0627\u0645 \u0648\u062d\u0631\u064a\u0629 \u0627\u0644\u062a\u0639\u0628\u064a\u0631 Syrian Center for Media and Freedom of Expression\",\"url\":\"https:\/\/scm.bz\/\",\"logo\":{\"@type\":\"ImageObject\",\"inLanguage\":\"kmr\",\"@id\":\"https:\/\/scm.bz\/#\/schema\/logo\/image\/\",\"url\":\"http:\/\/scm.bz\/wp-content\/uploads\/2021\/01\/SCM-logo-1-with-Clear-Space-1-2.png\",\"contentUrl\":\"http:\/\/scm.bz\/wp-content\/uploads\/2021\/01\/SCM-logo-1-with-Clear-Space-1-2.png\",\"width\":1450,\"height\":1450,\"caption\":\"\u0627\u0644\u0645\u0631\u0643\u0632 \u0627\u0644\u0633\u0648\u0631\u064a \u0644\u0644\u0625\u0639\u0644\u0627\u0645 \u0648\u062d\u0631\u064a\u0629 \u0627\u0644\u062a\u0639\u0628\u064a\u0631 Syrian Center for Media and Freedom of Expression\"},\"image\":{\"@id\":\"https:\/\/scm.bz\/#\/schema\/logo\/image\/\"},\"sameAs\":[\"https:\/\/www.facebook.com\/scm.center\",\"https:\/\/x.com\/SyrianCenter\"]}]}<\/script>\n<!-- \/ Yoast SEO Premium plugin. -->","yoast_head_json":{"title":"Ragihandin \u00fb Azad\u00ee - \u0627\u0644\u0645\u0631\u0643\u0632 \u0627\u0644\u0633\u0648\u0631\u064a \u0644\u0644\u0625\u0639\u0644\u0627\u0645 \u0648\u062d\u0631\u064a\u0629 \u0627\u0644\u062a\u0639\u0628\u064a\u0631 Syrian Center for Media and Freedom of Expression","robots":{"index":"index","follow":"follow","max-snippet":"max-snippet:-1","max-image-preview":"max-image-preview:large","max-video-preview":"max-video-preview:-1"},"canonical":"https:\/\/scm.bz\/\u0648\u062d\u062f\u0629-\u0627\u0644\u0625\u0639\u0644\u0627\u0645-\u0648\u0627\u0644\u062d\u0631\u064a\u0627\u062a\/","og_locale":"en_US","og_type":"article","og_title":"Ragihandin \u00fb Azad\u00ee","og_description":"em hewl didin ku bigih\u00ean civakek\u00ea li ser azad\u00eeya derbir\u00eena ner\u00een \u00fb bawer\u00eeya ava dibe, bi r\u00eaya: L\u00eavegera li qan\u00fbn \u00fb agah\u00eey\u00ean navxwey\u00ee \u00fb p\u00ea\u015fk\u00ea\u015fkirina p\u00ea\u015fniyar\u00ean zanist\u00ee da ku li gor p\u00eevan\u00ean navdewlet\u00ee biguncin. Belavkirina nirx \u00fb \u00e7and\u00ean n\u00fb di nav civak\u00ea de m\u00eena betalkirina c\u00fbdakirin\u00ea, \u00e7anda j\u00eengeh\u00ea, maf\u00ea nexwe\u015fan, maf\u00ea ni\u015fteb\u00fbn\u00ea, maf\u00ean k\u00eamneteweyan, maf\u00ea","og_url":"https:\/\/scm.bz\/\u0648\u062d\u062f\u0629-\u0627\u0644\u0625\u0639\u0644\u0627\u0645-\u0648\u0627\u0644\u062d\u0631\u064a\u0627\u062a\/","og_site_name":"\u0627\u0644\u0645\u0631\u0643\u0632 \u0627\u0644\u0633\u0648\u0631\u064a \u0644\u0644\u0625\u0639\u0644\u0627\u0645 \u0648\u062d\u0631\u064a\u0629 \u0627\u0644\u062a\u0639\u0628\u064a\u0631 Syrian Center for Media and Freedom of Expression","article_publisher":"https:\/\/www.facebook.com\/scm.center","og_image":[{"width":1450,"height":1450,"url":"https:\/\/scm.bz\/wp-content\/uploads\/2021\/01\/SCM-logo-1-with-Clear-Space-1-2.png","type":"image\/png"}],"twitter_card":"summary_large_image","twitter_site":"@SyrianCenter","twitter_misc":{"Est. reading time":"1 minute"},"schema":{"@context":"https:\/\/schema.org","@graph":[{"@type":"WebPage","@id":"https:\/\/scm.bz\/%d9%88%d8%ad%d8%af%d8%a9-%d8%a7%d9%84%d8%a5%d8%b9%d9%84%d8%a7%d9%85-%d9%88%d8%a7%d9%84%d8%ad%d8%b1%d9%8a%d8%a7%d8%aa\/","url":"https:\/\/scm.bz\/%d9%88%d8%ad%d8%af%d8%a9-%d8%a7%d9%84%d8%a5%d8%b9%d9%84%d8%a7%d9%85-%d9%88%d8%a7%d9%84%d8%ad%d8%b1%d9%8a%d8%a7%d8%aa\/","name":"Ragihandin \u00fb Azad\u00ee - \u0627\u0644\u0645\u0631\u0643\u0632 \u0627\u0644\u0633\u0648\u0631\u064a \u0644\u0644\u0625\u0639\u0644\u0627\u0645 \u0648\u062d\u0631\u064a\u0629 \u0627\u0644\u062a\u0639\u0628\u064a\u0631 Syrian Center for Media and Freedom of Expression","isPartOf":{"@id":"https:\/\/scm.bz\/#website"},"datePublished":"2018-04-10T08:16:45+00:00","breadcrumb":{"@id":"https:\/\/scm.bz\/%d9%88%d8%ad%d8%af%d8%a9-%d8%a7%d9%84%d8%a5%d8%b9%d9%84%d8%a7%d9%85-%d9%88%d8%a7%d9%84%d8%ad%d8%b1%d9%8a%d8%a7%d8%aa\/#breadcrumb"},"inLanguage":"kmr","potentialAction":[{"@type":"ReadAction","target":["https:\/\/scm.bz\/%d9%88%d8%ad%d8%af%d8%a9-%d8%a7%d9%84%d8%a5%d8%b9%d9%84%d8%a7%d9%85-%d9%88%d8%a7%d9%84%d8%ad%d8%b1%d9%8a%d8%a7%d8%aa\/"]}]},{"@type":"BreadcrumbList","@id":"https:\/\/scm.bz\/%d9%88%d8%ad%d8%af%d8%a9-%d8%a7%d9%84%d8%a5%d8%b9%d9%84%d8%a7%d9%85-%d9%88%d8%a7%d9%84%d8%ad%d8%b1%d9%8a%d8%a7%d8%aa\/#breadcrumb","itemListElement":[{"@type":"ListItem","position":1,"name":"Home","item":"https:\/\/scm.bz\/kmr\/"},{"@type":"ListItem","position":2,"name":"Ragihandin \u00fb Azad\u00ee"}]},{"@type":"WebSite","@id":"https:\/\/scm.bz\/#website","url":"https:\/\/scm.bz\/","name":"\u0627\u0644\u0645\u0631\u0643\u0632 \u0627\u0644\u0633\u0648\u0631\u064a \u0644\u0644\u0625\u0639\u0644\u0627\u0645 \u0648\u062d\u0631\u064a\u0629 \u0627\u0644\u062a\u0639\u0628\u064a\u0631 Syrian Center for Media and Freedom of Expression","description":"","publisher":{"@id":"https:\/\/scm.bz\/#organization"},"potentialAction":[{"@type":"SearchAction","target":{"@type":"EntryPoint","urlTemplate":"https:\/\/scm.bz\/?s={search_term_string}"},"query-input":{"@type":"PropertyValueSpecification","valueRequired":true,"valueName":"search_term_string"}}],"inLanguage":"kmr"},{"@type":"Organization","@id":"https:\/\/scm.bz\/#organization","name":"\u0627\u0644\u0645\u0631\u0643\u0632 \u0627\u0644\u0633\u0648\u0631\u064a \u0644\u0644\u0625\u0639\u0644\u0627\u0645 \u0648\u062d\u0631\u064a\u0629 \u0627\u0644\u062a\u0639\u0628\u064a\u0631 Syrian Center for Media and Freedom of Expression","url":"https:\/\/scm.bz\/","logo":{"@type":"ImageObject","inLanguage":"kmr","@id":"https:\/\/scm.bz\/#\/schema\/logo\/image\/","url":"http:\/\/scm.bz\/wp-content\/uploads\/2021\/01\/SCM-logo-1-with-Clear-Space-1-2.png","contentUrl":"http:\/\/scm.bz\/wp-content\/uploads\/2021\/01\/SCM-logo-1-with-Clear-Space-1-2.png","width":1450,"height":1450,"caption":"\u0627\u0644\u0645\u0631\u0643\u0632 \u0627\u0644\u0633\u0648\u0631\u064a \u0644\u0644\u0625\u0639\u0644\u0627\u0645 \u0648\u062d\u0631\u064a\u0629 \u0627\u0644\u062a\u0639\u0628\u064a\u0631 Syrian Center for Media and Freedom of Expression"},"image":{"@id":"https:\/\/scm.bz\/#\/schema\/logo\/image\/"},"sameAs":["https:\/\/www.facebook.com\/scm.center","https:\/\/x.com\/SyrianCenter"]}]}},"_links":{"self":[{"href":"https:\/\/scm.bz\/kmr\/wp-json\/wp\/v2\/pages\/183354","targetHints":{"allow":["GET"]}}],"collection":[{"href":"https:\/\/scm.bz\/kmr\/wp-json\/wp\/v2\/pages"}],"about":[{"href":"https:\/\/scm.bz\/kmr\/wp-json\/wp\/v2\/types\/page"}],"author":[{"embeddable":true,"href":"https:\/\/scm.bz\/kmr\/wp-json\/wp\/v2\/users\/24"}],"replies":[{"embeddable":true,"href":"https:\/\/scm.bz\/kmr\/wp-json\/wp\/v2\/comments?post=183354"}],"version-history":[{"count":0,"href":"https:\/\/scm.bz\/kmr\/wp-json\/wp\/v2\/pages\/183354\/revisions"}],"wp:attachment":[{"href":"https:\/\/scm.bz\/kmr\/wp-json\/wp\/v2\/media?parent=183354"}],"curies":[{"name":"wp","href":"https:\/\/api.w.org\/{rel}","templated":true}]}}