{"id":180666,"date":"2017-03-12T00:44:32","date_gmt":"2017-03-11T22:44:32","guid":{"rendered":"https:\/\/scm.bz\/mala-rojnamevan"},"modified":"2018-12-24T16:23:50","modified_gmt":"2018-12-24T14:23:50","slug":"mala-rojnamevan","status":"publish","type":"page","link":"https:\/\/scm.bz\/kmr\/mala-rojnamevan\/","title":{"rendered":"Mala Rojnamevan"},"content":{"rendered":"<p><span style=\"font-weight: 400;\">Armanca Mala Rojnameger\u00ee p\u00ea\u015fk\u00ea\u015fkirina l\u00eavegerek\u00ea \u00fb xaleke kar ya berdewam der bar\u00ea parastin \u00fb ge\u015fkirina tor\u00ean ragihandin\u00ea y\u00ean S\u00fbr\u00eeyay\u00ee \u00fb kes\u00ean ku di war\u00ea ragihandin\u00ea de kar dikin.<\/span><\/p>\n<p><span style=\"font-weight: 400;\">Mala Rojnameger\u00ee gelek \u015f\u00eawaz\u00ean pi\u015ftevan\u00eey\u00ea bo civaka ragih\u00eaner li S\u00fbr\u00eeyay\u00ea p\u00ea\u015fk\u00ea\u015f dike \u00fb di encam\u00ea de naveroka ragih\u00eaner\u00ee bi p\u00ea\u015f dikeve \u00fb prens\u00eep \u00fb nirx\u00ean p\u00ee\u015fe bo tor\u00ean ragihandin\u00ea \u00fb parastina karmendan t\u00ean \u00e7esipandin.<\/span><\/p>\n<p><span style=\"font-weight: 400;\">di sala 2017an de, Mala Rojnameger\u00ee bal ki\u015fand ser parastin \u00fb pi\u015ftgir\u00eeya kes\u00ean ku di war\u00ea ragihandin\u00ea de kar dikin her weha dezgeh\u00ean ragihandin\u00ea. Ji bo bicihan\u00eena v\u00ea armanc\u00ea, me binp\u00eakirin\u00ean der heq\u00ea ragih\u00eaneran, karmend\u00ean ragihandin\u00ea \u00a0\u00fb tor\u00ean ragihandin\u00ea de bi belge kirin her weha me giha\u015ftina bo \u015f\u00eawaz\u00ean pi\u015ftgir\u00eey\u00ea h\u00easan kir: m\u00eena peydakirina al\u00eekar\u00eeya piz\u00ee\u015fk\u00ee di rew\u015f\u00ean awarte de \u00fb giha\u015ftina bo dever\u00ean ewle di rew\u015f\u00ean metirs\u00eedar de.<\/span><\/p>\n<p><span style=\"font-weight: 400;\">program d\u00ea van \u00e7alak\u00eeyan berdewam bike her weha d\u00ea kar\u00ea xwe berfireh bike ji bo peydakirina al\u00eeyek\u00ee l\u00eakol\u00eenan der bar\u00ea rew\u015fa ragihandina S\u00fbr\u00eeyay\u00ee de bi r\u00eaya l\u00eakol\u00eeneke k\u00fbr \u00fb prat\u00eek armanca w\u00ea bilindkirina asta hi\u015fmend\u00eey\u00ea di ragihandina S\u00fbr\u00eeyay\u00ee de \u00fb \u00e7alakkirina xebat\u00ean bip\u00ea\u015fxistina ragihandina S\u00fbr\u00eeyay\u00ee li gor p\u00eadiv\u00eeyan. her weha program d\u00ea giran\u00eey\u00ea bide bip\u00ea\u015fxistina kar\u00een\u00ean rojnamegeran \u00fb dezgeh\u00ean ragihandin\u00ea S\u00fbr\u00eeyay\u00ee di war\u00ea parastina d\u00eec\u00eetal\u00ee bi r\u00eaya \u00e7alak\u00eey\u00ean ku wan ji van metirs\u00eeyan agahdar dikin her weha naskirina \u00e7awan\u00eeya xweparastin\u00ea.<\/span><\/p>\n<p><span style=\"font-weight: 400;\">em li gel hevkar\u00ean navdewlet\u00ee \u00fb r\u00eaxistin\u00ean ragih\u00eaer \u00fb mafnas dixebitin ji bo peydakirina away\u00ean parastin\u00ea y\u00ean navdewlet\u00ee \u00fb bip\u00ea\u015fxistina j\u00eengeha kar.<\/span><\/p>\n<p>&nbsp;<\/p>\n<p><a href=\"https:\/\/scm.bz\/kmr\/parastin-u-pistgiri-2\"><b>Parastin \u00fb Pi\u015ftgir\u00eey\u00ea<\/b><\/a><\/p>\n","protected":false},"excerpt":{"rendered":"<p>Armanca Mala Rojnameger\u00ee p\u00ea\u015fk\u00ea\u015fkirina l\u00eavegerek\u00ea \u00fb xaleke kar ya berdewam der bar\u00ea parastin \u00fb ge\u015fkirina tor\u00ean ragihandin\u00ea y\u00ean S\u00fbr\u00eeyay\u00ee \u00fb kes\u00ean ku di war\u00ea ragihandin\u00ea de kar dikin. Mala Rojnameger\u00ee gelek \u015f\u00eawaz\u00ean pi\u015ftevan\u00eey\u00ea bo civaka ragih\u00eaner li S\u00fbr\u00eeyay\u00ea p\u00ea\u015fk\u00ea\u015f dike \u00fb di encam\u00ea de naveroka ragih\u00eaner\u00ee bi p\u00ea\u015f dikeve \u00fb prens\u00eep \u00fb nirx\u00ean p\u00ee\u015fe bo [&hellip;]<\/p>\n","protected":false},"author":24,"featured_media":0,"parent":0,"menu_order":0,"comment_status":"closed","ping_status":"closed","template":"","meta":{"_acf_changed":false,"footnotes":""},"class_list":["post-180666","page","type-page","status-publish","hentry","post-wrapper"],"acf":[],"yoast_head":"<!-- This site is optimized with the Yoast SEO Premium plugin v20.6 (Yoast SEO v26.5) - https:\/\/yoast.com\/wordpress\/plugins\/seo\/ -->\n<title>Mala Rojnamevan - \u0627\u0644\u0645\u0631\u0643\u0632 \u0627\u0644\u0633\u0648\u0631\u064a \u0644\u0644\u0625\u0639\u0644\u0627\u0645 \u0648\u062d\u0631\u064a\u0629 \u0627\u0644\u062a\u0639\u0628\u064a\u0631 Syrian Center for Media and Freedom of Expression<\/title>\n<meta name=\"robots\" content=\"index, follow, max-snippet:-1, max-image-preview:large, max-video-preview:-1\" \/>\n<link rel=\"canonical\" href=\"https:\/\/scm.bz\/\u0628\u064a\u062a-\u0627\u0644\u0635\u062d\u0641\u064a\u064a\u0646\/\" \/>\n<meta property=\"og:locale\" content=\"en_US\" \/>\n<meta property=\"og:type\" content=\"article\" \/>\n<meta property=\"og:title\" content=\"Mala Rojnamevan\" \/>\n<meta property=\"og:description\" content=\"Armanca Mala Rojnameger\u00ee p\u00ea\u015fk\u00ea\u015fkirina l\u00eavegerek\u00ea \u00fb xaleke kar ya berdewam der bar\u00ea parastin \u00fb ge\u015fkirina tor\u00ean ragihandin\u00ea y\u00ean S\u00fbr\u00eeyay\u00ee \u00fb kes\u00ean ku di war\u00ea ragihandin\u00ea de kar dikin. Mala Rojnameger\u00ee gelek \u015f\u00eawaz\u00ean pi\u015ftevan\u00eey\u00ea bo civaka ragih\u00eaner li S\u00fbr\u00eeyay\u00ea p\u00ea\u015fk\u00ea\u015f dike \u00fb di encam\u00ea de naveroka ragih\u00eaner\u00ee bi p\u00ea\u015f dikeve \u00fb prens\u00eep \u00fb nirx\u00ean p\u00ee\u015fe bo\" \/>\n<meta property=\"og:url\" content=\"https:\/\/scm.bz\/\u0628\u064a\u062a-\u0627\u0644\u0635\u062d\u0641\u064a\u064a\u0646\/\" \/>\n<meta property=\"og:site_name\" content=\"\u0627\u0644\u0645\u0631\u0643\u0632 \u0627\u0644\u0633\u0648\u0631\u064a \u0644\u0644\u0625\u0639\u0644\u0627\u0645 \u0648\u062d\u0631\u064a\u0629 \u0627\u0644\u062a\u0639\u0628\u064a\u0631 Syrian Center for Media and Freedom of Expression\" \/>\n<meta property=\"article:publisher\" content=\"https:\/\/www.facebook.com\/scm.center\" \/>\n<meta property=\"article:modified_time\" content=\"2018-12-24T14:23:50+00:00\" \/>\n<meta property=\"og:image\" content=\"https:\/\/scm.bz\/wp-content\/uploads\/2021\/01\/SCM-logo-1-with-Clear-Space-1-2.png\" \/>\n\t<meta property=\"og:image:width\" content=\"1450\" \/>\n\t<meta property=\"og:image:height\" content=\"1450\" \/>\n\t<meta property=\"og:image:type\" content=\"image\/png\" \/>\n<meta name=\"twitter:card\" content=\"summary_large_image\" \/>\n<meta name=\"twitter:site\" content=\"@SyrianCenter\" \/>\n<meta name=\"twitter:label1\" content=\"Est. reading time\" \/>\n\t<meta name=\"twitter:data1\" content=\"2 minutes\" \/>\n<script type=\"application\/ld+json\" class=\"yoast-schema-graph\">{\"@context\":\"https:\/\/schema.org\",\"@graph\":[{\"@type\":\"WebPage\",\"@id\":\"https:\/\/scm.bz\/%d8%a8%d9%8a%d8%aa-%d8%a7%d9%84%d8%b5%d8%ad%d9%81%d9%8a%d9%8a%d9%86\/\",\"url\":\"https:\/\/scm.bz\/%d8%a8%d9%8a%d8%aa-%d8%a7%d9%84%d8%b5%d8%ad%d9%81%d9%8a%d9%8a%d9%86\/\",\"name\":\"Mala Rojnamevan - \u0627\u0644\u0645\u0631\u0643\u0632 \u0627\u0644\u0633\u0648\u0631\u064a \u0644\u0644\u0625\u0639\u0644\u0627\u0645 \u0648\u062d\u0631\u064a\u0629 \u0627\u0644\u062a\u0639\u0628\u064a\u0631 Syrian Center for Media and Freedom of Expression\",\"isPartOf\":{\"@id\":\"https:\/\/scm.bz\/#website\"},\"datePublished\":\"2017-03-11T22:44:32+00:00\",\"dateModified\":\"2018-12-24T14:23:50+00:00\",\"breadcrumb\":{\"@id\":\"https:\/\/scm.bz\/%d8%a8%d9%8a%d8%aa-%d8%a7%d9%84%d8%b5%d8%ad%d9%81%d9%8a%d9%8a%d9%86\/#breadcrumb\"},\"inLanguage\":\"kmr\",\"potentialAction\":[{\"@type\":\"ReadAction\",\"target\":[\"https:\/\/scm.bz\/%d8%a8%d9%8a%d8%aa-%d8%a7%d9%84%d8%b5%d8%ad%d9%81%d9%8a%d9%8a%d9%86\/\"]}]},{\"@type\":\"BreadcrumbList\",\"@id\":\"https:\/\/scm.bz\/%d8%a8%d9%8a%d8%aa-%d8%a7%d9%84%d8%b5%d8%ad%d9%81%d9%8a%d9%8a%d9%86\/#breadcrumb\",\"itemListElement\":[{\"@type\":\"ListItem\",\"position\":1,\"name\":\"Home\",\"item\":\"https:\/\/scm.bz\/kmr\/\"},{\"@type\":\"ListItem\",\"position\":2,\"name\":\"Mala Rojnamevan\"}]},{\"@type\":\"WebSite\",\"@id\":\"https:\/\/scm.bz\/#website\",\"url\":\"https:\/\/scm.bz\/\",\"name\":\"\u0627\u0644\u0645\u0631\u0643\u0632 \u0627\u0644\u0633\u0648\u0631\u064a \u0644\u0644\u0625\u0639\u0644\u0627\u0645 \u0648\u062d\u0631\u064a\u0629 \u0627\u0644\u062a\u0639\u0628\u064a\u0631 Syrian Center for Media and Freedom of Expression\",\"description\":\"\",\"publisher\":{\"@id\":\"https:\/\/scm.bz\/#organization\"},\"potentialAction\":[{\"@type\":\"SearchAction\",\"target\":{\"@type\":\"EntryPoint\",\"urlTemplate\":\"https:\/\/scm.bz\/?s={search_term_string}\"},\"query-input\":{\"@type\":\"PropertyValueSpecification\",\"valueRequired\":true,\"valueName\":\"search_term_string\"}}],\"inLanguage\":\"kmr\"},{\"@type\":\"Organization\",\"@id\":\"https:\/\/scm.bz\/#organization\",\"name\":\"\u0627\u0644\u0645\u0631\u0643\u0632 \u0627\u0644\u0633\u0648\u0631\u064a \u0644\u0644\u0625\u0639\u0644\u0627\u0645 \u0648\u062d\u0631\u064a\u0629 \u0627\u0644\u062a\u0639\u0628\u064a\u0631 Syrian Center for Media and Freedom of Expression\",\"url\":\"https:\/\/scm.bz\/\",\"logo\":{\"@type\":\"ImageObject\",\"inLanguage\":\"kmr\",\"@id\":\"https:\/\/scm.bz\/#\/schema\/logo\/image\/\",\"url\":\"http:\/\/scm.bz\/wp-content\/uploads\/2021\/01\/SCM-logo-1-with-Clear-Space-1-2.png\",\"contentUrl\":\"http:\/\/scm.bz\/wp-content\/uploads\/2021\/01\/SCM-logo-1-with-Clear-Space-1-2.png\",\"width\":1450,\"height\":1450,\"caption\":\"\u0627\u0644\u0645\u0631\u0643\u0632 \u0627\u0644\u0633\u0648\u0631\u064a \u0644\u0644\u0625\u0639\u0644\u0627\u0645 \u0648\u062d\u0631\u064a\u0629 \u0627\u0644\u062a\u0639\u0628\u064a\u0631 Syrian Center for Media and Freedom of Expression\"},\"image\":{\"@id\":\"https:\/\/scm.bz\/#\/schema\/logo\/image\/\"},\"sameAs\":[\"https:\/\/www.facebook.com\/scm.center\",\"https:\/\/x.com\/SyrianCenter\"]}]}<\/script>\n<!-- \/ Yoast SEO Premium plugin. -->","yoast_head_json":{"title":"Mala Rojnamevan - \u0627\u0644\u0645\u0631\u0643\u0632 \u0627\u0644\u0633\u0648\u0631\u064a \u0644\u0644\u0625\u0639\u0644\u0627\u0645 \u0648\u062d\u0631\u064a\u0629 \u0627\u0644\u062a\u0639\u0628\u064a\u0631 Syrian Center for Media and Freedom of Expression","robots":{"index":"index","follow":"follow","max-snippet":"max-snippet:-1","max-image-preview":"max-image-preview:large","max-video-preview":"max-video-preview:-1"},"canonical":"https:\/\/scm.bz\/\u0628\u064a\u062a-\u0627\u0644\u0635\u062d\u0641\u064a\u064a\u0646\/","og_locale":"en_US","og_type":"article","og_title":"Mala Rojnamevan","og_description":"Armanca Mala Rojnameger\u00ee p\u00ea\u015fk\u00ea\u015fkirina l\u00eavegerek\u00ea \u00fb xaleke kar ya berdewam der bar\u00ea parastin \u00fb ge\u015fkirina tor\u00ean ragihandin\u00ea y\u00ean S\u00fbr\u00eeyay\u00ee \u00fb kes\u00ean ku di war\u00ea ragihandin\u00ea de kar dikin. Mala Rojnameger\u00ee gelek \u015f\u00eawaz\u00ean pi\u015ftevan\u00eey\u00ea bo civaka ragih\u00eaner li S\u00fbr\u00eeyay\u00ea p\u00ea\u015fk\u00ea\u015f dike \u00fb di encam\u00ea de naveroka ragih\u00eaner\u00ee bi p\u00ea\u015f dikeve \u00fb prens\u00eep \u00fb nirx\u00ean p\u00ee\u015fe bo","og_url":"https:\/\/scm.bz\/\u0628\u064a\u062a-\u0627\u0644\u0635\u062d\u0641\u064a\u064a\u0646\/","og_site_name":"\u0627\u0644\u0645\u0631\u0643\u0632 \u0627\u0644\u0633\u0648\u0631\u064a \u0644\u0644\u0625\u0639\u0644\u0627\u0645 \u0648\u062d\u0631\u064a\u0629 \u0627\u0644\u062a\u0639\u0628\u064a\u0631 Syrian Center for Media and Freedom of Expression","article_publisher":"https:\/\/www.facebook.com\/scm.center","article_modified_time":"2018-12-24T14:23:50+00:00","og_image":[{"width":1450,"height":1450,"url":"https:\/\/scm.bz\/wp-content\/uploads\/2021\/01\/SCM-logo-1-with-Clear-Space-1-2.png","type":"image\/png"}],"twitter_card":"summary_large_image","twitter_site":"@SyrianCenter","twitter_misc":{"Est. reading time":"2 minutes"},"schema":{"@context":"https:\/\/schema.org","@graph":[{"@type":"WebPage","@id":"https:\/\/scm.bz\/%d8%a8%d9%8a%d8%aa-%d8%a7%d9%84%d8%b5%d8%ad%d9%81%d9%8a%d9%8a%d9%86\/","url":"https:\/\/scm.bz\/%d8%a8%d9%8a%d8%aa-%d8%a7%d9%84%d8%b5%d8%ad%d9%81%d9%8a%d9%8a%d9%86\/","name":"Mala Rojnamevan - \u0627\u0644\u0645\u0631\u0643\u0632 \u0627\u0644\u0633\u0648\u0631\u064a \u0644\u0644\u0625\u0639\u0644\u0627\u0645 \u0648\u062d\u0631\u064a\u0629 \u0627\u0644\u062a\u0639\u0628\u064a\u0631 Syrian Center for Media and Freedom of Expression","isPartOf":{"@id":"https:\/\/scm.bz\/#website"},"datePublished":"2017-03-11T22:44:32+00:00","dateModified":"2018-12-24T14:23:50+00:00","breadcrumb":{"@id":"https:\/\/scm.bz\/%d8%a8%d9%8a%d8%aa-%d8%a7%d9%84%d8%b5%d8%ad%d9%81%d9%8a%d9%8a%d9%86\/#breadcrumb"},"inLanguage":"kmr","potentialAction":[{"@type":"ReadAction","target":["https:\/\/scm.bz\/%d8%a8%d9%8a%d8%aa-%d8%a7%d9%84%d8%b5%d8%ad%d9%81%d9%8a%d9%8a%d9%86\/"]}]},{"@type":"BreadcrumbList","@id":"https:\/\/scm.bz\/%d8%a8%d9%8a%d8%aa-%d8%a7%d9%84%d8%b5%d8%ad%d9%81%d9%8a%d9%8a%d9%86\/#breadcrumb","itemListElement":[{"@type":"ListItem","position":1,"name":"Home","item":"https:\/\/scm.bz\/kmr\/"},{"@type":"ListItem","position":2,"name":"Mala Rojnamevan"}]},{"@type":"WebSite","@id":"https:\/\/scm.bz\/#website","url":"https:\/\/scm.bz\/","name":"\u0627\u0644\u0645\u0631\u0643\u0632 \u0627\u0644\u0633\u0648\u0631\u064a \u0644\u0644\u0625\u0639\u0644\u0627\u0645 \u0648\u062d\u0631\u064a\u0629 \u0627\u0644\u062a\u0639\u0628\u064a\u0631 Syrian Center for Media and Freedom of Expression","description":"","publisher":{"@id":"https:\/\/scm.bz\/#organization"},"potentialAction":[{"@type":"SearchAction","target":{"@type":"EntryPoint","urlTemplate":"https:\/\/scm.bz\/?s={search_term_string}"},"query-input":{"@type":"PropertyValueSpecification","valueRequired":true,"valueName":"search_term_string"}}],"inLanguage":"kmr"},{"@type":"Organization","@id":"https:\/\/scm.bz\/#organization","name":"\u0627\u0644\u0645\u0631\u0643\u0632 \u0627\u0644\u0633\u0648\u0631\u064a \u0644\u0644\u0625\u0639\u0644\u0627\u0645 \u0648\u062d\u0631\u064a\u0629 \u0627\u0644\u062a\u0639\u0628\u064a\u0631 Syrian Center for Media and Freedom of Expression","url":"https:\/\/scm.bz\/","logo":{"@type":"ImageObject","inLanguage":"kmr","@id":"https:\/\/scm.bz\/#\/schema\/logo\/image\/","url":"http:\/\/scm.bz\/wp-content\/uploads\/2021\/01\/SCM-logo-1-with-Clear-Space-1-2.png","contentUrl":"http:\/\/scm.bz\/wp-content\/uploads\/2021\/01\/SCM-logo-1-with-Clear-Space-1-2.png","width":1450,"height":1450,"caption":"\u0627\u0644\u0645\u0631\u0643\u0632 \u0627\u0644\u0633\u0648\u0631\u064a \u0644\u0644\u0625\u0639\u0644\u0627\u0645 \u0648\u062d\u0631\u064a\u0629 \u0627\u0644\u062a\u0639\u0628\u064a\u0631 Syrian Center for Media and Freedom of Expression"},"image":{"@id":"https:\/\/scm.bz\/#\/schema\/logo\/image\/"},"sameAs":["https:\/\/www.facebook.com\/scm.center","https:\/\/x.com\/SyrianCenter"]}]}},"_links":{"self":[{"href":"https:\/\/scm.bz\/kmr\/wp-json\/wp\/v2\/pages\/180666","targetHints":{"allow":["GET"]}}],"collection":[{"href":"https:\/\/scm.bz\/kmr\/wp-json\/wp\/v2\/pages"}],"about":[{"href":"https:\/\/scm.bz\/kmr\/wp-json\/wp\/v2\/types\/page"}],"author":[{"embeddable":true,"href":"https:\/\/scm.bz\/kmr\/wp-json\/wp\/v2\/users\/24"}],"replies":[{"embeddable":true,"href":"https:\/\/scm.bz\/kmr\/wp-json\/wp\/v2\/comments?post=180666"}],"version-history":[{"count":0,"href":"https:\/\/scm.bz\/kmr\/wp-json\/wp\/v2\/pages\/180666\/revisions"}],"wp:attachment":[{"href":"https:\/\/scm.bz\/kmr\/wp-json\/wp\/v2\/media?parent=180666"}],"curies":[{"name":"wp","href":"https:\/\/api.w.org\/{rel}","templated":true}]}}